{"id":3096,"date":"2020-11-25T19:34:29","date_gmt":"2020-11-25T19:34:29","guid":{"rendered":"https:\/\/rainandson.kinsta.cloud\/product\/purple-compact-reflective-umbrella\/"},"modified":"2025-07-30T08:21:43","modified_gmt":"2025-07-30T08:21:43","slug":"purple-compact-reflective-umbrella","status":"publish","type":"product","link":"https:\/\/www.rainandson.com\/sv\/produkt\/purple-compact-reflective-umbrella\/","title":{"rendered":"Lila hopf\u00e4llbart reflexparaply"},"content":{"rendered":"<p>Detta vackra hopf\u00e4llbara reflexparaply \u00e4r en viktig accessoar att ha med sig n\u00e4r v\u00e4derprognosen lovar regn. Det \u00e4r ett stilfullt paraply som livar upp vilken regning dag som helst. Ett f\u00e4rgsprakande paraply p\u00e5 dagarna och n\u00e4r m\u00f6rkret faller f\u00f6rvandlas det till en potentiell livr\u00e4ddare med sin reflexrand som f\u00e5r dig att synas. Det b\u00f6jda tr\u00e4handtaget ger dig ett bra grepp. Den automatiska \u00f6ppnings- och st\u00e4ngningsfunktionen g\u00f6r det snabbt och enkelt att f\u00e5 fram n\u00e4r regndropparna b\u00f6rjar att falla. Det hopf\u00e4llbara paraplyet \u00f6ppnas till en diameter av 103 centimeter, vilket g\u00f6r det till en bra plats att undkomma regnet. Det hopf\u00e4llbara paraplyet har en starkt fiberglasram f\u00f6r att st\u00e5 emot \u00f6sregn och normalstarka vindar.<\/p>\n<p>Lila <b>Hopf\u00e4llbara paraplyer<\/b> med reflexrand och 10 ekrar.<br \/>\nSvart metallram i h\u00f6g kvalitet med tv\u00e5 sektioner ekrar i fiberglas.<br \/>\nKromt\u00e4ckt metalskaft.<br \/>\nB\u00f6jt handtag i tr\u00e4.<br \/>\nSp\u00e4nne med knapp.<br \/>\nRain &amp; Son Logotyp sydd p\u00e5 sk\u00e4rmen.<br \/>\n<b>Paraply<\/b> \u00f6ppnas till en diameter av 103 centimeter.<br \/>\nAutomatisk \u00f6ppning- och st\u00e4ngningsfunktion.<br \/>\nH\u00f6jd (st\u00e4ngt paraply): 36 cm.<br \/>\nH\u00f6jd (\u00f6ppet paraply): 68 cm.<br \/>\nVikt 435 gram.<\/p>","protected":false},"excerpt":{"rendered":"<p>Rain &amp; Sons hopf\u00e4llbara paraply i en f\u00e4rgglad lila ton och reflexrand kommer att h\u00e5lla dig torr s\u00e5v\u00e4l som synlig i m\u00f6rkret. Det kompakta paraplyet \u00e4r perfekt f\u00f6r alla tillf\u00e4llen d\u00e5 du l\u00e4tt kan ta det med dig och ta fram det n\u00e4r det b\u00f6rjar att regna. Det hopf\u00e4llbara paraplyet har en stor sk\u00e4rm, svart metallram och tr\u00e4handtag.<\/p>","protected":false},"featured_media":3162,"comment_status":"open","ping_status":"closed","template":"","meta":[],"product_brand":[],"product_cat":[116,191,192],"product_tag":[],"class_list":{"0":"post-3096","1":"product","2":"type-product","3":"status-publish","4":"has-post-thumbnail","6":"product_cat-all-umbrellas","7":"product_cat-compact-umbrellas","8":"product_cat-reflective-compact-umbrellas","9":"pa_colour-purple","11":"first","12":"outofstock","13":"taxable","14":"shipping-taxable","15":"product-type-simple"},"yoast_head":"<!-- This site is optimized with the Yoast SEO plugin v27.4 - https:\/\/yoast.com\/product\/yoast-seo-wordpress\/ -->\n<title>Purple Compact Reflective Umbrella - Rain and Son - Classic and Stylish Umbrellas<\/title>\n<meta name=\"description\" content=\"Looking for a colorful Reflective Umbrella? This nice purple Compact Umbrella with a dark grey reflective stripe will keep you both dry and safe.\" \/>\n<meta name=\"robots\" content=\"index, follow, max-snippet:-1, max-image-preview:large, max-video-preview:-1\" \/>\n<link rel=\"canonical\" href=\"https:\/\/www.rainandson.com\/sv\/produkt\/purple-compact-reflective-umbrella\/\" \/>\n<meta property=\"og:locale\" content=\"sv_SE\" \/>\n<meta property=\"og:type\" content=\"article\" \/>\n<meta property=\"og:title\" content=\"Purple Compact Reflective Umbrella - Rain and Son - Classic and Stylish Umbrellas\" \/>\n<meta property=\"og:description\" content=\"Looking for a colorful Reflective Umbrella? This nice purple Compact Umbrella with a dark grey reflective stripe will keep you both dry and safe.\" \/>\n<meta property=\"og:url\" content=\"https:\/\/www.rainandson.com\/sv\/produkt\/purple-compact-reflective-umbrella\/\" \/>\n<meta property=\"og:site_name\" content=\"Rain and Son - Classic and Stylish Umbrellas\" \/>\n<meta property=\"article:modified_time\" content=\"2025-07-30T08:21:43+00:00\" \/>\n<meta property=\"og:image\" content=\"https:\/\/www.rainandson.com\/wp-content\/uploads\/totes-umbrella-purple-2-e1606917719110.jpg\" \/>\n\t<meta property=\"og:image:width\" content=\"999\" \/>\n\t<meta property=\"og:image:height\" content=\"999\" \/>\n\t<meta property=\"og:image:type\" content=\"image\/jpeg\" \/>\n<meta name=\"twitter:card\" content=\"summary_large_image\" \/>\n<meta name=\"twitter:label1\" content=\"Ber\u00e4knad l\u00e4stid\" \/>\n\t<meta name=\"twitter:data1\" content=\"1 minut\" \/>\n<script type=\"application\/ld+json\" class=\"yoast-schema-graph\">{\"@context\":\"https:\\\/\\\/schema.org\",\"@graph\":[{\"@type\":\"WebPage\",\"@id\":\"https:\\\/\\\/www.rainandson.com\\\/product\\\/purple-compact-reflective-umbrella\\\/\",\"url\":\"https:\\\/\\\/www.rainandson.com\\\/product\\\/purple-compact-reflective-umbrella\\\/\",\"name\":\"Purple Compact Reflective Umbrella - Rain and Son - Classic and Stylish Umbrellas\",\"isPartOf\":{\"@id\":\"https:\\\/\\\/www.rainandson.com\\\/#website\"},\"primaryImageOfPage\":{\"@id\":\"https:\\\/\\\/www.rainandson.com\\\/product\\\/purple-compact-reflective-umbrella\\\/#primaryimage\"},\"image\":{\"@id\":\"https:\\\/\\\/www.rainandson.com\\\/product\\\/purple-compact-reflective-umbrella\\\/#primaryimage\"},\"thumbnailUrl\":\"https:\\\/\\\/www.rainandson.com\\\/wp-content\\\/uploads\\\/totes-umbrella-purple-2-e1606917719110.jpg\",\"datePublished\":\"2020-11-25T19:34:29+00:00\",\"dateModified\":\"2025-07-30T08:21:43+00:00\",\"description\":\"Looking for a colorful Reflective Umbrella? This nice purple Compact Umbrella with a dark grey reflective stripe will keep you both dry and safe.\",\"breadcrumb\":{\"@id\":\"https:\\\/\\\/www.rainandson.com\\\/product\\\/purple-compact-reflective-umbrella\\\/#breadcrumb\"},\"inLanguage\":\"sv-SE\",\"potentialAction\":[{\"@type\":\"ReadAction\",\"target\":[\"https:\\\/\\\/www.rainandson.com\\\/product\\\/purple-compact-reflective-umbrella\\\/\"]}]},{\"@type\":\"ImageObject\",\"inLanguage\":\"sv-SE\",\"@id\":\"https:\\\/\\\/www.rainandson.com\\\/product\\\/purple-compact-reflective-umbrella\\\/#primaryimage\",\"url\":\"https:\\\/\\\/www.rainandson.com\\\/wp-content\\\/uploads\\\/totes-umbrella-purple-2-e1606917719110.jpg\",\"contentUrl\":\"https:\\\/\\\/www.rainandson.com\\\/wp-content\\\/uploads\\\/totes-umbrella-purple-2-e1606917719110.jpg\",\"width\":999,\"height\":999,\"caption\":\"reflective totes umbrella\"},{\"@type\":\"BreadcrumbList\",\"@id\":\"https:\\\/\\\/www.rainandson.com\\\/product\\\/purple-compact-reflective-umbrella\\\/#breadcrumb\",\"itemListElement\":[{\"@type\":\"ListItem\",\"position\":1,\"name\":\"Home\",\"item\":\"https:\\\/\\\/www.rainandson.com\\\/sv\\\/\"},{\"@type\":\"ListItem\",\"position\":2,\"name\":\"Shop\",\"item\":\"https:\\\/\\\/www.rainandson.com\\\/shop\\\/\"},{\"@type\":\"ListItem\",\"position\":3,\"name\":\"Purple Compact Reflective Umbrella\"}]},{\"@type\":\"WebSite\",\"@id\":\"https:\\\/\\\/www.rainandson.com\\\/#website\",\"url\":\"https:\\\/\\\/www.rainandson.com\\\/\",\"name\":\"Rain and Son - Classic and Stylish Umbrellas\",\"description\":\"Fashionable Umbrellas Online.\",\"publisher\":{\"@id\":\"https:\\\/\\\/www.rainandson.com\\\/#organization\"},\"potentialAction\":[{\"@type\":\"SearchAction\",\"target\":{\"@type\":\"EntryPoint\",\"urlTemplate\":\"https:\\\/\\\/www.rainandson.com\\\/?s={search_term_string}\"},\"query-input\":{\"@type\":\"PropertyValueSpecification\",\"valueRequired\":true,\"valueName\":\"search_term_string\"}}],\"inLanguage\":\"sv-SE\"},{\"@type\":\"Organization\",\"@id\":\"https:\\\/\\\/www.rainandson.com\\\/#organization\",\"name\":\"Rain and Son\",\"url\":\"https:\\\/\\\/www.rainandson.com\\\/\",\"logo\":{\"@type\":\"ImageObject\",\"inLanguage\":\"sv-SE\",\"@id\":\"https:\\\/\\\/www.rainandson.com\\\/#\\\/schema\\\/logo\\\/image\\\/\",\"url\":\"https:\\\/\\\/www.rainandson.com\\\/wp-content\\\/uploads\\\/rain-and-son-logotype-150.png\",\"contentUrl\":\"https:\\\/\\\/www.rainandson.com\\\/wp-content\\\/uploads\\\/rain-and-son-logotype-150.png\",\"width\":125,\"height\":150,\"caption\":\"Rain and Son\"},\"image\":{\"@id\":\"https:\\\/\\\/www.rainandson.com\\\/#\\\/schema\\\/logo\\\/image\\\/\"}}]}<\/script>\n<!-- \/ Yoast SEO plugin. -->","yoast_head_json":{"title":"Purple Compact Reflective Umbrella - Rain and Son - Classic and Stylish Umbrellas","description":"Looking for a colorful Reflective Umbrella? This nice purple Compact Umbrella with a dark grey reflective stripe will keep you both dry and safe.","robots":{"index":"index","follow":"follow","max-snippet":"max-snippet:-1","max-image-preview":"max-image-preview:large","max-video-preview":"max-video-preview:-1"},"canonical":"https:\/\/www.rainandson.com\/sv\/produkt\/purple-compact-reflective-umbrella\/","og_locale":"sv_SE","og_type":"article","og_title":"Purple Compact Reflective Umbrella - Rain and Son - Classic and Stylish Umbrellas","og_description":"Looking for a colorful Reflective Umbrella? This nice purple Compact Umbrella with a dark grey reflective stripe will keep you both dry and safe.","og_url":"https:\/\/www.rainandson.com\/sv\/produkt\/purple-compact-reflective-umbrella\/","og_site_name":"Rain and Son - Classic and Stylish Umbrellas","article_modified_time":"2025-07-30T08:21:43+00:00","og_image":[{"width":999,"height":999,"url":"https:\/\/www.rainandson.com\/wp-content\/uploads\/totes-umbrella-purple-2-e1606917719110.jpg","type":"image\/jpeg"}],"twitter_card":"summary_large_image","twitter_misc":{"Ber\u00e4knad l\u00e4stid":"1 minut"},"schema":{"@context":"https:\/\/schema.org","@graph":[{"@type":"WebPage","@id":"https:\/\/www.rainandson.com\/product\/purple-compact-reflective-umbrella\/","url":"https:\/\/www.rainandson.com\/product\/purple-compact-reflective-umbrella\/","name":"Purple Compact Reflective Umbrella - Rain and Son - Classic and Stylish Umbrellas","isPartOf":{"@id":"https:\/\/www.rainandson.com\/#website"},"primaryImageOfPage":{"@id":"https:\/\/www.rainandson.com\/product\/purple-compact-reflective-umbrella\/#primaryimage"},"image":{"@id":"https:\/\/www.rainandson.com\/product\/purple-compact-reflective-umbrella\/#primaryimage"},"thumbnailUrl":"https:\/\/www.rainandson.com\/wp-content\/uploads\/totes-umbrella-purple-2-e1606917719110.jpg","datePublished":"2020-11-25T19:34:29+00:00","dateModified":"2025-07-30T08:21:43+00:00","description":"Looking for a colorful Reflective Umbrella? This nice purple Compact Umbrella with a dark grey reflective stripe will keep you both dry and safe.","breadcrumb":{"@id":"https:\/\/www.rainandson.com\/product\/purple-compact-reflective-umbrella\/#breadcrumb"},"inLanguage":"sv-SE","potentialAction":[{"@type":"ReadAction","target":["https:\/\/www.rainandson.com\/product\/purple-compact-reflective-umbrella\/"]}]},{"@type":"ImageObject","inLanguage":"sv-SE","@id":"https:\/\/www.rainandson.com\/product\/purple-compact-reflective-umbrella\/#primaryimage","url":"https:\/\/www.rainandson.com\/wp-content\/uploads\/totes-umbrella-purple-2-e1606917719110.jpg","contentUrl":"https:\/\/www.rainandson.com\/wp-content\/uploads\/totes-umbrella-purple-2-e1606917719110.jpg","width":999,"height":999,"caption":"reflective totes umbrella"},{"@type":"BreadcrumbList","@id":"https:\/\/www.rainandson.com\/product\/purple-compact-reflective-umbrella\/#breadcrumb","itemListElement":[{"@type":"ListItem","position":1,"name":"Home","item":"https:\/\/www.rainandson.com\/sv\/"},{"@type":"ListItem","position":2,"name":"Shop","item":"https:\/\/www.rainandson.com\/shop\/"},{"@type":"ListItem","position":3,"name":"Purple Compact Reflective Umbrella"}]},{"@type":"WebSite","@id":"https:\/\/www.rainandson.com\/#website","url":"https:\/\/www.rainandson.com\/","name":"Rain and Son - Klassiska paraplyer i modern skandinavisk design","description":"Eleganta paraplyer online.","publisher":{"@id":"https:\/\/www.rainandson.com\/#organization"},"potentialAction":[{"@type":"SearchAction","target":{"@type":"EntryPoint","urlTemplate":"https:\/\/www.rainandson.com\/?s={search_term_string}"},"query-input":{"@type":"PropertyValueSpecification","valueRequired":true,"valueName":"search_term_string"}}],"inLanguage":"sv-SE"},{"@type":"Organization","@id":"https:\/\/www.rainandson.com\/#organization","name":"Rain &amp; Son","url":"https:\/\/www.rainandson.com\/","logo":{"@type":"ImageObject","inLanguage":"sv-SE","@id":"https:\/\/www.rainandson.com\/#\/schema\/logo\/image\/","url":"https:\/\/www.rainandson.com\/wp-content\/uploads\/rain-and-son-logotype-150.png","contentUrl":"https:\/\/www.rainandson.com\/wp-content\/uploads\/rain-and-son-logotype-150.png","width":125,"height":150,"caption":"Rain and Son"},"image":{"@id":"https:\/\/www.rainandson.com\/#\/schema\/logo\/image\/"}}]}},"_links":{"self":[{"href":"https:\/\/www.rainandson.com\/sv\/wp-json\/wp\/v2\/product\/3096","targetHints":{"allow":["GET"]}}],"collection":[{"href":"https:\/\/www.rainandson.com\/sv\/wp-json\/wp\/v2\/product"}],"about":[{"href":"https:\/\/www.rainandson.com\/sv\/wp-json\/wp\/v2\/types\/product"}],"replies":[{"embeddable":true,"href":"https:\/\/www.rainandson.com\/sv\/wp-json\/wp\/v2\/comments?post=3096"}],"wp:featuredmedia":[{"embeddable":true,"href":"https:\/\/www.rainandson.com\/sv\/wp-json\/wp\/v2\/media\/3162"}],"wp:attachment":[{"href":"https:\/\/www.rainandson.com\/sv\/wp-json\/wp\/v2\/media?parent=3096"}],"wp:term":[{"taxonomy":"product_brand","embeddable":true,"href":"https:\/\/www.rainandson.com\/sv\/wp-json\/wp\/v2\/product_brand?post=3096"},{"taxonomy":"product_cat","embeddable":true,"href":"https:\/\/www.rainandson.com\/sv\/wp-json\/wp\/v2\/product_cat?post=3096"},{"taxonomy":"product_tag","embeddable":true,"href":"https:\/\/www.rainandson.com\/sv\/wp-json\/wp\/v2\/product_tag?post=3096"}],"curies":[{"name":"wp","href":"https:\/\/api.w.org\/{rel}","templated":true}]}}